{"id":235332,"date":"2025-08-08T12:31:07","date_gmt":"2025-08-08T17:31:07","guid":{"rendered":"https:\/\/daytoursecuador.com\/?page_id=235332"},"modified":"2025-08-29T02:23:39","modified_gmt":"2025-08-29T07:23:39","slug":"quito","status":"publish","type":"page","link":"https:\/\/daytoursecuador.com\/es\/faqs\/quito\/","title":{"rendered":"FAQs Quito"},"content":{"rendered":"<p>[et_pb_section fb_built=&#8221;1&#8243; fullwidth=&#8221;on&#8221; admin_label=&#8221;Header Section&#8221; _builder_version=&#8221;4.27.4&#8243; background_enable_color=&#8221;off&#8221; bottom_divider_flip=&#8221;horizontal&#8221; da_disable_devices=&#8221;off|off|off&#8221; locked=&#8221;off&#8221; global_colors_info=&#8221;{}&#8221; da_is_popup=&#8221;off&#8221; da_exit_intent=&#8221;off&#8221; da_has_close=&#8221;on&#8221; da_alt_close=&#8221;off&#8221; da_dark_close=&#8221;off&#8221; da_not_modal=&#8221;on&#8221; da_is_singular=&#8221;off&#8221; da_with_loader=&#8221;off&#8221; da_has_shadow=&#8221;on&#8221;][et_pb_fullwidth_header title=&#8221;Frequently asked questions&#8221; subhead=&#8221;Quito: What to Know Before You Go&#8221; text_orientation=&#8221;center&#8221; button_one_url=&#8221;https:\/\/wa.me\/593984991454&#8243; button_two_url=&#8221;mailto:ecuador@eldaytour.com&#8221; content_max_width=&#8221;640px&#8221; _builder_version=&#8221;4.27.4&#8243; title_font=&#8221;&#8211;et_global_heading_font|||on|||||&#8221; title_text_color=&#8221;#d1d1d1&#8243; title_font_size=&#8221;20px&#8221; title_line_height=&#8221;1.5em&#8221; content_font=&#8221;Lora||||||||&#8221; content_font_size=&#8221;22px&#8221; content_line_height=&#8221;2em&#8221; subhead_font=&#8221;&#8211;et_global_heading_font|600|||||||&#8221; subhead_font_size=&#8221;45px&#8221; subhead_line_height=&#8221;1.5em&#8221; background_enable_color=&#8221;off&#8221; use_background_color_gradient=&#8221;on&#8221; background_color_gradient_stops=&#8221;rgba(10,10,10,0.29) 0%|rgba(0,0,0,0.33) 99%&#8221; background_color_gradient_overlays_image=&#8221;on&#8221; background_image=&#8221;https:\/\/daytoursecuador.com\/wp-content\/uploads\/2024\/08\/quito-free-walking-tours-scaled.jpg&#8221; custom_button_one=&#8221;on&#8221; button_one_text_size=&#8221;16px&#8221; button_one_text_color=&#8221;#ffffff&#8221; button_one_bg_color=&#8221;#d29f68&#8243; button_one_border_width=&#8221;15px&#8221; button_one_border_color=&#8221;rgba(210,159,104,0)&#8221; button_one_border_radius=&#8221;100px&#8221; button_one_letter_spacing=&#8221;3px&#8221; button_one_font=&#8221;Oswald|||on|||||&#8221; button_one_use_icon=&#8221;off&#8221; custom_button_two=&#8221;on&#8221; button_two_text_size=&#8221;16px&#8221; button_two_text_color=&#8221;#ffffff&#8221; button_two_bg_color=&#8221;rgba(255,255,255,0.35)&#8221; button_two_border_width=&#8221;15px&#8221; button_two_border_color=&#8221;rgba(0,0,0,0)&#8221; button_two_border_radius=&#8221;100px&#8221; button_two_letter_spacing=&#8221;3px&#8221; button_two_font=&#8221;Oswald|||on|||||&#8221; button_two_use_icon=&#8221;off&#8221; custom_margin=&#8221;|-20px||-20px|false|true&#8221; custom_padding=&#8221;||||false|false&#8221; title_font_size_tablet=&#8221;20px&#8221; title_font_size_phone=&#8221;16px&#8221; title_font_size_last_edited=&#8221;on|phone&#8221; subhead_font_size_tablet=&#8221;&#8221; subhead_font_size_phone=&#8221;30px&#8221; subhead_font_size_last_edited=&#8221;on|phone&#8221; button_one_text_size_tablet=&#8221;16px&#8221; button_one_text_size_phone=&#8221;14px&#8221; button_one_text_size_last_edited=&#8221;on|phone&#8221; button_two_text_size_tablet=&#8221;16px&#8221; button_two_text_size_phone=&#8221;14px&#8221; button_two_text_size_last_edited=&#8221;on|phone&#8221; button_one_border_radius_hover=&#8221;100px&#8221; button_one_bg_color_hover=&#8221;#cc8d66&#8243; button_two_bg_color_hover=&#8221;#d29f68&#8243; global_colors_info=&#8221;{}&#8221; button_one_text_size__hover_enabled=&#8221;off&#8221; button_two_text_size__hover_enabled=&#8221;off&#8221; button_one_text_color__hover_enabled=&#8221;off&#8221; button_two_text_color__hover_enabled=&#8221;off&#8221; button_one_border_width__hover_enabled=&#8221;off&#8221; button_two_border_width__hover_enabled=&#8221;off&#8221; button_one_border_color__hover_enabled=&#8221;off&#8221; button_two_border_color__hover_enabled=&#8221;off&#8221; button_one_border_radius__hover_enabled=&#8221;on&#8221; button_one_border_radius__hover=&#8221;100px&#8221; button_two_border_radius__hover_enabled=&#8221;off&#8221; button_one_letter_spacing__hover_enabled=&#8221;off&#8221; button_two_letter_spacing__hover_enabled=&#8221;off&#8221; button_one_bg_color__hover_enabled=&#8221;on&#8221; button_one_bg_color__hover=&#8221;#cc8d66&#8243; button_two_bg_color__hover_enabled=&#8221;on&#8221; button_two_bg_color__hover=&#8221;#d29f68&#8243;][\/et_pb_fullwidth_header][\/et_pb_section][et_pb_section fb_built=&#8221;1&#8243; next_background_color=&#8221;#ffffff&#8221; admin_label=&#8221;Learn Section&#8221; _builder_version=&#8221;4.27.4&#8243; background_color=&#8221;#FFFFFF&#8221; custom_margin=&#8221;-1px||-2px||false|false&#8221; custom_padding=&#8221;24px|0px|28px|0px|false|false&#8221; bottom_divider_style=&#8221;none&#8221; bottom_divider_flip=&#8221;vertical|horizontal&#8221; da_disable_devices=&#8221;off|off|off&#8221; locked=&#8221;off&#8221; global_colors_info=&#8221;{}&#8221; da_is_popup=&#8221;off&#8221; da_exit_intent=&#8221;off&#8221; da_has_close=&#8221;on&#8221; da_alt_close=&#8221;off&#8221; da_dark_close=&#8221;off&#8221; da_not_modal=&#8221;on&#8221; da_is_singular=&#8221;off&#8221; da_with_loader=&#8221;off&#8221; da_has_shadow=&#8221;on&#8221;][et_pb_row _builder_version=&#8221;4.27.4&#8243; _module_preset=&#8221;default&#8221; width=&#8221;95%&#8221; custom_padding=&#8221;||16px|||&#8221; global_colors_info=&#8221;{}&#8221;][et_pb_column type=&#8221;4_4&#8243; _builder_version=&#8221;4.27.0&#8243; _module_preset=&#8221;default&#8221; global_colors_info=&#8221;{}&#8221;][et_pb_heading title=&#8221;Getting There &#038; General Info&#8221; _builder_version=&#8221;4.27.4&#8243; _module_preset=&#8221;default&#8221; title_level=&#8221;h3&#8243; title_text_color=&#8221;#000000&#8243; title_font_size=&#8221;31px&#8221; custom_margin=&#8221;||15px|||&#8221; title_font_size_tablet=&#8221;31px&#8221; title_font_size_phone=&#8221;24px&#8221; title_font_size_last_edited=&#8221;on|phone&#8221; global_colors_info=&#8221;{}&#8221;][\/et_pb_heading][et_pb_toggle title=&#8221;Q: Where is Quito?&#8221; open_toggle_text_color=&#8221;#000000&#8243; open_toggle_background_color=&#8221;#FFFFFF&#8221; closed_toggle_background_color=&#8221;#FFFFFF&#8221; icon_color=&#8221;gcid-65d17b9b-2bb5-4686-af8a-74b562ba925b&#8221; toggle_icon=&#8221;&#xf067;||fa||900&#8243; open_icon_color=&#8221;gcid-65d17b9b-2bb5-4686-af8a-74b562ba925b&#8221; open_toggle_icon=&#8221;&#xf068;||fa||900&#8243; _builder_version=&#8221;4.27.4&#8243; _module_preset=&#8221;default&#8221; title_text_color=&#8221;#000000&#8243; title_font_size=&#8221;18px&#8221; title_line_height=&#8221;1.5em&#8221; body_text_color=&#8221;#333333&#8243; custom_margin=&#8221;||2px|||&#8221; body_font_size_tablet=&#8221;&#8221; body_font_size_phone=&#8221;16px&#8221; body_font_size_last_edited=&#8221;on|phone&#8221; border_width_all=&#8221;0px&#8221; global_colors_info=&#8221;{%22gcid-65d17b9b-2bb5-4686-af8a-74b562ba925b%22:%91%22icon_color%22,%22open_icon_color%22%93}&#8221;]<\/p>\n<p data-start=\"304\" data-end=\"659\">Quito is the capital of Ecuador, located in the Andes Mountains at 2,850 meters (9,350 feet) above sea level. It&#8217;s the second-highest capital city in the world and lies just south of the equator. The city is known for its UNESCO-listed Historic Center, vibrant cultural life, and stunning mountain surroundings, including views of the Pichincha volcano.<\/p>\n<p>[\/et_pb_toggle][et_pb_toggle title=&#8221;Q: How do I get to Quito?&#8221; open_toggle_text_color=&#8221;#000000&#8243; open_toggle_background_color=&#8221;#FFFFFF&#8221; closed_toggle_background_color=&#8221;#FFFFFF&#8221; icon_color=&#8221;gcid-65d17b9b-2bb5-4686-af8a-74b562ba925b&#8221; toggle_icon=&#8221;&#xf067;||fa||900&#8243; open_icon_color=&#8221;gcid-65d17b9b-2bb5-4686-af8a-74b562ba925b&#8221; open_toggle_icon=&#8221;&#xf068;||fa||900&#8243; _builder_version=&#8221;4.27.4&#8243; _module_preset=&#8221;default&#8221; title_text_color=&#8221;#000000&#8243; title_font_size=&#8221;18px&#8221; title_line_height=&#8221;1.5em&#8221; body_text_color=&#8221;#333333&#8243; custom_margin=&#8221;||2px|||&#8221; body_font_size_tablet=&#8221;&#8221; body_font_size_phone=&#8221;16px&#8221; body_font_size_last_edited=&#8221;on|phone&#8221; border_width_all=&#8221;0px&#8221; global_colors_info=&#8221;{%22gcid-65d17b9b-2bb5-4686-af8a-74b562ba925b%22:%91%22icon_color%22,%22open_icon_color%22,%22icon_color%22,%22open_icon_color%22%93}&#8221;]<\/p>\n<p data-start=\"661\" data-end=\"966\">Quito is accessible via Mariscal Sucre International Airport (UIO), located about 45 minutes from the city center. You can reach Quito by direct flights from major cities like Miami, Bogot\u00e1, Madrid, Panama City, and more. From the airport, you can take a yellow taxi, private transfer, or Airport Express shuttle. Car rentals are also available.<\/p>\n<p>[\/et_pb_toggle][et_pb_toggle title=&#8221;Q: Do I need a guide to explore Quito?&#8221; open_toggle_text_color=&#8221;#000000&#8243; open_toggle_background_color=&#8221;#FFFFFF&#8221; closed_toggle_background_color=&#8221;#FFFFFF&#8221; icon_color=&#8221;gcid-65d17b9b-2bb5-4686-af8a-74b562ba925b&#8221; toggle_icon=&#8221;&#xf067;||fa||900&#8243; open_icon_color=&#8221;gcid-65d17b9b-2bb5-4686-af8a-74b562ba925b&#8221; open_toggle_icon=&#8221;&#xf068;||fa||900&#8243; _builder_version=&#8221;4.27.4&#8243; _module_preset=&#8221;default&#8221; title_text_color=&#8221;#000000&#8243; title_font_size=&#8221;18px&#8221; title_line_height=&#8221;1.5em&#8221; body_text_color=&#8221;#333333&#8243; custom_margin=&#8221;||2px|||&#8221; body_font_size_tablet=&#8221;&#8221; body_font_size_phone=&#8221;16px&#8221; body_font_size_last_edited=&#8221;on|phone&#8221; border_width_all=&#8221;0px&#8221; global_colors_info=&#8221;{%22gcid-65d17b9b-2bb5-4686-af8a-74b562ba925b%22:%91%22icon_color%22,%22open_icon_color%22,%22icon_color%22,%22open_icon_color%22%93}&#8221;]<\/p>\n<p data-start=\"968\" data-end=\"1266\">You don\u2019t need one, but having a guide can enrich your visit. The Historic Center is walkable and safe during the day, but <span style=\"color: #008080;\"><a href=\"https:\/\/daytoursecuador.com\/quito-day-tours\/\" style=\"color: #008080;\">guided tours<\/a><\/span> offer historical insights, safer routes, and often include stops at museums, churches, and viewpoints you might miss on your own.<\/p>\n<p>[\/et_pb_toggle][et_pb_toggle title=&#8221;Q: Can I sleep in the Historic Center?&#8221; open_toggle_text_color=&#8221;#000000&#8243; open_toggle_background_color=&#8221;#FFFFFF&#8221; closed_toggle_background_color=&#8221;#FFFFFF&#8221; icon_color=&#8221;gcid-65d17b9b-2bb5-4686-af8a-74b562ba925b&#8221; toggle_icon=&#8221;&#xf067;||fa||900&#8243; open_icon_color=&#8221;gcid-65d17b9b-2bb5-4686-af8a-74b562ba925b&#8221; open_toggle_icon=&#8221;&#xf068;||fa||900&#8243; _builder_version=&#8221;4.27.4&#8243; _module_preset=&#8221;default&#8221; title_text_color=&#8221;#000000&#8243; title_font_size=&#8221;18px&#8221; title_line_height=&#8221;1.5em&#8221; body_text_color=&#8221;#333333&#8243; custom_margin=&#8221;||2px|||&#8221; body_font_size_tablet=&#8221;&#8221; body_font_size_phone=&#8221;16px&#8221; body_font_size_last_edited=&#8221;on|phone&#8221; border_width_all=&#8221;0px&#8221; global_colors_info=&#8221;{%22gcid-65d17b9b-2bb5-4686-af8a-74b562ba925b%22:%91%22icon_color%22,%22open_icon_color%22,%22icon_color%22,%22open_icon_color%22%93}&#8221;]<\/p>\n<p data-start=\"1401\" data-end=\"1750\">Yes, and it\u2019s a great option if you want to be close to Quito\u2019s colonial heart. You\u2019ll find everything from luxury boutique hotels in restored mansions to budget hostels with terraces overlooking old town rooftops. La Mariscal is another popular area with more nightlife and modern accommodation.<\/p>\n<p>[\/et_pb_toggle][et_pb_toggle title=&#8221;Q: How many days should I spend in Quito?&#8221; open_toggle_text_color=&#8221;#000000&#8243; open_toggle_background_color=&#8221;#FFFFFF&#8221; closed_toggle_background_color=&#8221;#FFFFFF&#8221; icon_color=&#8221;gcid-65d17b9b-2bb5-4686-af8a-74b562ba925b&#8221; toggle_icon=&#8221;&#xf067;||fa||900&#8243; open_icon_color=&#8221;gcid-65d17b9b-2bb5-4686-af8a-74b562ba925b&#8221; open_toggle_icon=&#8221;&#xf068;||fa||900&#8243; _builder_version=&#8221;4.27.4&#8243; _module_preset=&#8221;default&#8221; title_text_color=&#8221;#000000&#8243; title_font_size=&#8221;18px&#8221; title_line_height=&#8221;1.5em&#8221; body_text_color=&#8221;#333333&#8243; custom_margin=&#8221;||2px|||&#8221; body_font_size_tablet=&#8221;&#8221; body_font_size_phone=&#8221;16px&#8221; body_font_size_last_edited=&#8221;on|phone&#8221; border_width_all=&#8221;0px&#8221; global_colors_info=&#8221;{%22gcid-65d17b9b-2bb5-4686-af8a-74b562ba925b%22:%91%22icon_color%22,%22open_icon_color%22,%22icon_color%22,%22open_icon_color%22%93}&#8221;]<\/p>\n<p data-start=\"1401\" data-end=\"1750\">At least 2\u20133 full days are recommended to explore the city itself, plus more if you plan day trips to places like Otavalo, Mindo, or Cotopaxi.<\/p>\n<p>[\/et_pb_toggle][et_pb_toggle title=&#8221;Q: Is Quito a good base for exploring other parts of Ecuador?&#8221; open_toggle_text_color=&#8221;#000000&#8243; open_toggle_background_color=&#8221;#FFFFFF&#8221; closed_toggle_background_color=&#8221;#FFFFFF&#8221; icon_color=&#8221;gcid-65d17b9b-2bb5-4686-af8a-74b562ba925b&#8221; toggle_icon=&#8221;&#xf067;||fa||900&#8243; open_icon_color=&#8221;gcid-65d17b9b-2bb5-4686-af8a-74b562ba925b&#8221; open_toggle_icon=&#8221;&#xf068;||fa||900&#8243; _builder_version=&#8221;4.27.4&#8243; _module_preset=&#8221;default&#8221; title_text_color=&#8221;#000000&#8243; title_font_size=&#8221;18px&#8221; title_line_height=&#8221;1.5em&#8221; body_text_color=&#8221;#333333&#8243; custom_margin=&#8221;||2px|||&#8221; body_font_size_tablet=&#8221;&#8221; body_font_size_phone=&#8221;16px&#8221; body_font_size_last_edited=&#8221;on|phone&#8221; border_width_all=&#8221;0px&#8221; global_colors_info=&#8221;{%22gcid-65d17b9b-2bb5-4686-af8a-74b562ba925b%22:%91%22icon_color%22,%22open_icon_color%22,%22icon_color%22,%22open_icon_color%22%93}&#8221;]<\/p>\n<p data-start=\"1316\" data-end=\"1490\">Absolutely. Its central location and good transport connections make it ideal for visiting the highlands, Amazon, and even the coast.<\/p>\n<p data-start=\"1316\" data-end=\"1490\">There are also many <span style=\"color: #008080;\"><a href=\"https:\/\/daytoursecuador.com\/group-day-tours\/\" style=\"color: #008080;\">Day Tours from Quito<\/a><\/span> of one day that explore Cotopaxi, Mindo, Quilotoa, Otavalo and more.<\/p>\n<p>[\/et_pb_toggle][\/et_pb_column][\/et_pb_row][et_pb_row _builder_version=&#8221;4.27.4&#8243; _module_preset=&#8221;default&#8221; width=&#8221;95%&#8221; custom_padding=&#8221;||19px|||&#8221; global_colors_info=&#8221;{}&#8221;][et_pb_column type=&#8221;4_4&#8243; _builder_version=&#8221;4.27.0&#8243; _module_preset=&#8221;default&#8221; global_colors_info=&#8221;{}&#8221;][et_pb_heading title=&#8221;Altitude &#038; Exploration&#8221; _builder_version=&#8221;4.27.4&#8243; _module_preset=&#8221;default&#8221; title_level=&#8221;h3&#8243; title_text_color=&#8221;#000000&#8243; title_font_size=&#8221;31px&#8221; custom_margin=&#8221;||15px|||&#8221; title_font_size_tablet=&#8221;31px&#8221; title_font_size_phone=&#8221;24px&#8221; title_font_size_last_edited=&#8221;on|phone&#8221; global_colors_info=&#8221;{}&#8221;][\/et_pb_heading][et_pb_toggle title=&#8221;Q: What is the elevation of Quito?&#8221; open_toggle_text_color=&#8221;#000000&#8243; open_toggle_background_color=&#8221;#FFFFFF&#8221; closed_toggle_background_color=&#8221;#FFFFFF&#8221; icon_color=&#8221;gcid-65d17b9b-2bb5-4686-af8a-74b562ba925b&#8221; toggle_icon=&#8221;&#xf067;||fa||900&#8243; open_icon_color=&#8221;gcid-65d17b9b-2bb5-4686-af8a-74b562ba925b&#8221; open_toggle_icon=&#8221;&#xf068;||fa||900&#8243; _builder_version=&#8221;4.27.4&#8243; _module_preset=&#8221;default&#8221; title_text_color=&#8221;#000000&#8243; title_font_size=&#8221;18px&#8221; title_line_height=&#8221;1.5em&#8221; body_text_color=&#8221;#333333&#8243; custom_margin=&#8221;||2px|||&#8221; body_font_size_tablet=&#8221;&#8221; body_font_size_phone=&#8221;16px&#8221; body_font_size_last_edited=&#8221;on|phone&#8221; border_width_all=&#8221;0px&#8221; global_colors_info=&#8221;{%22gcid-65d17b9b-2bb5-4686-af8a-74b562ba925b%22:%91%22icon_color%22,%22open_icon_color%22,%22icon_color%22,%22open_icon_color%22%93}&#8221;]<\/p>\n<p data-start=\"313\" data-end=\"659\">Quito is located at around 2,850 meters (9,350 feet). The surrounding mountains, like Rucu Pichincha, rise even higher, and the Telef\u00e9riQo cable car takes you to over 4,000 meters (13,000 feet).<\/p>\n<p>[\/et_pb_toggle][et_pb_toggle title=&#8221;Q: Will I feel the altitude in Quito?&#8221; open_toggle_text_color=&#8221;#000000&#8243; open_toggle_background_color=&#8221;#FFFFFF&#8221; closed_toggle_background_color=&#8221;#FFFFFF&#8221; icon_color=&#8221;gcid-65d17b9b-2bb5-4686-af8a-74b562ba925b&#8221; toggle_icon=&#8221;&#xf067;||fa||900&#8243; open_icon_color=&#8221;gcid-65d17b9b-2bb5-4686-af8a-74b562ba925b&#8221; open_toggle_icon=&#8221;&#xf068;||fa||900&#8243; _builder_version=&#8221;4.27.4&#8243; _module_preset=&#8221;default&#8221; title_text_color=&#8221;#000000&#8243; title_font_size=&#8221;18px&#8221; title_line_height=&#8221;1.5em&#8221; body_text_color=&#8221;#333333&#8243; custom_margin=&#8221;||2px|||&#8221; body_font_size_tablet=&#8221;&#8221; body_font_size_phone=&#8221;16px&#8221; body_font_size_last_edited=&#8221;on|phone&#8221; border_width_all=&#8221;0px&#8221; global_colors_info=&#8221;{%22gcid-65d17b9b-2bb5-4686-af8a-74b562ba925b%22:%91%22icon_color%22,%22open_icon_color%22,%22icon_color%22,%22open_icon_color%22%93}&#8221;]<\/p>\n<p data-start=\"661\" data-end=\"929\">Most visitors are fine, but some experience mild altitude sickness\u2014headaches, dizziness, or fatigue. It\u2019s best to rest on arrival, drink lots of water, and take it slow your first day. Avoid heavy meals or alcohol until your body adjusts.<\/p>\n<p>[\/et_pb_toggle][et_pb_toggle title=&#8221;Q: What are the must-see attractions?&#8221; open_toggle_text_color=&#8221;#000000&#8243; open_toggle_background_color=&#8221;#FFFFFF&#8221; closed_toggle_background_color=&#8221;#FFFFFF&#8221; icon_color=&#8221;gcid-65d17b9b-2bb5-4686-af8a-74b562ba925b&#8221; toggle_icon=&#8221;&#xf067;||fa||900&#8243; open_icon_color=&#8221;gcid-65d17b9b-2bb5-4686-af8a-74b562ba925b&#8221; open_toggle_icon=&#8221;&#xf068;||fa||900&#8243; _builder_version=&#8221;4.27.4&#8243; _module_preset=&#8221;default&#8221; title_text_color=&#8221;#000000&#8243; title_font_size=&#8221;18px&#8221; title_line_height=&#8221;1.5em&#8221; body_text_color=&#8221;#333333&#8243; custom_margin=&#8221;||2px|||&#8221; body_font_size_tablet=&#8221;&#8221; body_font_size_phone=&#8221;16px&#8221; body_font_size_last_edited=&#8221;on|phone&#8221; border_width_all=&#8221;0px&#8221; global_colors_info=&#8221;{%22gcid-65d17b9b-2bb5-4686-af8a-74b562ba925b%22:%91%22icon_color%22,%22open_icon_color%22,%22icon_color%22,%22open_icon_color%22%93}&#8221;]<\/p>\n<p>We recommend visiting these places:<\/p>\n<ul>\n<li data-start=\"2370\" data-end=\"2410\">\n<p data-start=\"2372\" data-end=\"2410\"><strong data-start=\"2372\" data-end=\"2408\">Plaza Grande &amp; Government Palace<\/strong><\/p>\n<\/li>\n<li data-start=\"2411\" data-end=\"2468\">\n<p data-start=\"2413\" data-end=\"2468\"><strong data-start=\"2413\" data-end=\"2444\">La Compa\u00f1\u00eda de Jes\u00fas Church<\/strong> &#8211; Baroque masterpiece<\/p>\n<\/li>\n<li data-start=\"2469\" data-end=\"2523\">\n<p data-start=\"2471\" data-end=\"2523\"><strong data-start=\"2471\" data-end=\"2501\">Bas\u00edlica del Voto Nacional<\/strong> &#8211; climb its towers!<\/p>\n<\/li>\n<li data-start=\"2524\" data-end=\"2597\">\n<p data-start=\"2526\" data-end=\"2597\"><strong data-start=\"2526\" data-end=\"2542\">El Panecillo<\/strong> &#8211; statue of the Virgin of Quito with panoramic views<\/p>\n<\/li>\n<li data-start=\"2598\" data-end=\"2649\">\n<p data-start=\"2600\" data-end=\"2649\"><strong data-start=\"2600\" data-end=\"2614\">Telef\u00e9riQo<\/strong> &#8211; cable car up Pichincha Volcano<\/p>\n<\/li>\n<li data-start=\"2650\" data-end=\"2704\">\n<p data-start=\"2652\" data-end=\"2704\"><strong data-start=\"2652\" data-end=\"2671\">Mitad del Mundo<\/strong> &#8211; the equatorial line monument<\/p>\n<\/li>\n<li data-start=\"2705\" data-end=\"2763\">\n<p data-start=\"2707\" data-end=\"2763\"><strong data-start=\"2707\" data-end=\"2728\">Museo del Alabado<\/strong> &#8211; excellent pre-Columbian museum<\/p>\n<\/li>\n<li data-start=\"2764\" data-end=\"2827\">\n<p data-start=\"2766\" data-end=\"2827\"><strong data-start=\"2766\" data-end=\"2785\">La Ronda Street<\/strong> &#8211; for crafts, chocolate, and live music<\/p>\n<\/li>\n<\/ul>\n<p>[\/et_pb_toggle][et_pb_toggle title=&#8221;Q: Can I take a cable car ride in Quito?&#8221; open_toggle_text_color=&#8221;#000000&#8243; open_toggle_background_color=&#8221;#FFFFFF&#8221; closed_toggle_background_color=&#8221;#FFFFFF&#8221; icon_color=&#8221;gcid-65d17b9b-2bb5-4686-af8a-74b562ba925b&#8221; toggle_icon=&#8221;&#xf067;||fa||900&#8243; open_icon_color=&#8221;gcid-65d17b9b-2bb5-4686-af8a-74b562ba925b&#8221; open_toggle_icon=&#8221;&#xf068;||fa||900&#8243; _builder_version=&#8221;4.27.4&#8243; _module_preset=&#8221;default&#8221; title_text_color=&#8221;#000000&#8243; title_font_size=&#8221;18px&#8221; title_line_height=&#8221;1.5em&#8221; body_text_color=&#8221;#333333&#8243; custom_margin=&#8221;||2px|||&#8221; body_font_size_tablet=&#8221;&#8221; body_font_size_phone=&#8221;16px&#8221; body_font_size_last_edited=&#8221;on|phone&#8221; border_width_all=&#8221;0px&#8221; global_colors_info=&#8221;{%22gcid-65d17b9b-2bb5-4686-af8a-74b562ba925b%22:%91%22icon_color%22,%22open_icon_color%22,%22icon_color%22,%22open_icon_color%22%93}&#8221;]<\/p>\n<p>Yes! The <strong data-start=\"510\" data-end=\"524\">Telef\u00e9riQo<\/strong> takes you up to 4,000 meters (13,100 ft) for breathtaking views of the city and access to hiking trails like Rucu Pichincha.<\/p>\n<p>You can even <span style=\"color: #008080;\"><a href=\"https:\/\/daytoursecuador.com\/climbing\/rucu-pichincha-summit\/\" style=\"color: #008080;\">summit Rucu Pichincha<\/a><\/span>, but we recommend doing so with a guide for safety reasons.<\/p>\n<p>[\/et_pb_toggle][et_pb_toggle title=&#8221;Q: Can I see wildlife in Quito or nearby?&#8221; open_toggle_text_color=&#8221;#000000&#8243; open_toggle_background_color=&#8221;#FFFFFF&#8221; closed_toggle_background_color=&#8221;#FFFFFF&#8221; icon_color=&#8221;gcid-65d17b9b-2bb5-4686-af8a-74b562ba925b&#8221; toggle_icon=&#8221;&#xf067;||fa||900&#8243; open_icon_color=&#8221;gcid-65d17b9b-2bb5-4686-af8a-74b562ba925b&#8221; open_toggle_icon=&#8221;&#xf068;||fa||900&#8243; _builder_version=&#8221;4.27.4&#8243; _module_preset=&#8221;default&#8221; title_text_color=&#8221;#000000&#8243; title_font_size=&#8221;18px&#8221; title_line_height=&#8221;1.5em&#8221; body_text_color=&#8221;#333333&#8243; custom_margin=&#8221;||2px|||&#8221; body_font_size_tablet=&#8221;&#8221; body_font_size_phone=&#8221;16px&#8221; body_font_size_last_edited=&#8221;on|phone&#8221; border_width_all=&#8221;0px&#8221; global_colors_info=&#8221;{%22gcid-65d17b9b-2bb5-4686-af8a-74b562ba925b%22:%91%22icon_color%22,%22open_icon_color%22,%22icon_color%22,%22open_icon_color%22%93}&#8221;]<\/p>\n<p>In the city, you might spot hummingbirds and Andean birds in parks. For more wildlife, visit <strong data-start=\"2397\" data-end=\"2431\">Pululahua Geobotanical Reserve<\/strong> or <strong data-start=\"2435\" data-end=\"2444\">Mindo<\/strong> nearby.<\/p>\n<p>[\/et_pb_toggle][\/et_pb_column][\/et_pb_row][et_pb_row _builder_version=&#8221;4.27.4&#8243; _module_preset=&#8221;default&#8221; width=&#8221;95%&#8221; global_colors_info=&#8221;{}&#8221;][et_pb_column type=&#8221;4_4&#8243; _builder_version=&#8221;4.27.0&#8243; _module_preset=&#8221;default&#8221; global_colors_info=&#8221;{}&#8221;][et_pb_heading title=&#8221;Safety, Weather &#038; What to Bring&#8221; _builder_version=&#8221;4.27.4&#8243; _module_preset=&#8221;default&#8221; title_level=&#8221;h3&#8243; title_text_color=&#8221;#000000&#8243; title_font_size=&#8221;31px&#8221; title_line_height=&#8221;1.5em&#8221; custom_margin=&#8221;||15px|||&#8221; title_font_size_tablet=&#8221;31px&#8221; title_font_size_phone=&#8221;24px&#8221; title_font_size_last_edited=&#8221;on|phone&#8221; global_colors_info=&#8221;{}&#8221;][\/et_pb_heading][et_pb_toggle title=&#8221;Q: Is Quito safe for tourists?&#8221; open_toggle_text_color=&#8221;#000000&#8243; open_toggle_background_color=&#8221;#FFFFFF&#8221; closed_toggle_background_color=&#8221;#FFFFFF&#8221; icon_color=&#8221;gcid-65d17b9b-2bb5-4686-af8a-74b562ba925b&#8221; toggle_icon=&#8221;&#xf067;||fa||900&#8243; open_icon_color=&#8221;gcid-65d17b9b-2bb5-4686-af8a-74b562ba925b&#8221; open_toggle_icon=&#8221;&#xf068;||fa||900&#8243; _builder_version=&#8221;4.27.4&#8243; _module_preset=&#8221;default&#8221; title_text_color=&#8221;#000000&#8243; title_font_size=&#8221;18px&#8221; title_line_height=&#8221;1.5em&#8221; body_text_color=&#8221;#333333&#8243; custom_margin=&#8221;||2px|||&#8221; body_font_size_tablet=&#8221;&#8221; body_font_size_phone=&#8221;16px&#8221; body_font_size_last_edited=&#8221;on|phone&#8221; border_width_all=&#8221;0px&#8221; global_colors_info=&#8221;{%22gcid-65d17b9b-2bb5-4686-af8a-74b562ba925b%22:%91%22icon_color%22,%22open_icon_color%22,%22icon_color%22,%22open_icon_color%22,%22icon_color%22,%22open_icon_color%22%93}&#8221;]<\/p>\n<p data-start=\"850\" data-end=\"1141\">Yes, but like any capital, it has areas to avoid, especially at night. During the day, the Historic Center and main tourist spots are safe and patrolled. Watch out for pickpockets in crowded places (buses, markets, plazas). Use official taxis or apps like Uber\/Cabify at night.<\/p>\n<p>[\/et_pb_toggle][et_pb_toggle title=&#8221;Q: What\u2019s the best time to visit Quito?&#8221; open_toggle_text_color=&#8221;#000000&#8243; open_toggle_background_color=&#8221;#FFFFFF&#8221; closed_toggle_background_color=&#8221;#FFFFFF&#8221; icon_color=&#8221;gcid-65d17b9b-2bb5-4686-af8a-74b562ba925b&#8221; toggle_icon=&#8221;&#xf067;||fa||900&#8243; open_icon_color=&#8221;gcid-65d17b9b-2bb5-4686-af8a-74b562ba925b&#8221; open_toggle_icon=&#8221;&#xf068;||fa||900&#8243; _builder_version=&#8221;4.27.4&#8243; _module_preset=&#8221;default&#8221; title_text_color=&#8221;#000000&#8243; title_font_size=&#8221;18px&#8221; title_line_height=&#8221;1.5em&#8221; body_text_color=&#8221;#333333&#8243; custom_margin=&#8221;||2px|||&#8221; body_font_size_tablet=&#8221;&#8221; body_font_size_phone=&#8221;16px&#8221; body_font_size_last_edited=&#8221;on|phone&#8221; border_width_all=&#8221;0px&#8221; global_colors_info=&#8221;{%22gcid-65d17b9b-2bb5-4686-af8a-74b562ba925b%22:%91%22icon_color%22,%22open_icon_color%22,%22icon_color%22,%22open_icon_color%22,%22icon_color%22,%22open_icon_color%22%93}&#8221;]<\/p>\n<p data-start=\"3202\" data-end=\"3318\">Quito has a spring-like climate year-round due to its elevation.<\/p>\n<ul data-start=\"3319\" data-end=\"3446\">\n<li data-start=\"3319\" data-end=\"3382\">\n<p data-start=\"3321\" data-end=\"3382\">Dry season: June to September (more sun, clearer skies)<\/p>\n<\/li>\n<li data-start=\"3383\" data-end=\"3446\">\n<p data-start=\"3385\" data-end=\"3446\">Rainy season: October to May (expect afternoon showers)<\/p>\n<\/li>\n<\/ul>\n<p data-start=\"3448\" data-end=\"3544\">Even during the rainy months, mornings are usually clear, and the weather changes quickly.<\/p>\n<p>[\/et_pb_toggle][et_pb_toggle title=&#8221;Q: What kind of clothes should I wear?&#8221; open_toggle_text_color=&#8221;#000000&#8243; open_toggle_background_color=&#8221;#FFFFFF&#8221; closed_toggle_background_color=&#8221;#FFFFFF&#8221; icon_color=&#8221;gcid-65d17b9b-2bb5-4686-af8a-74b562ba925b&#8221; toggle_icon=&#8221;&#xf067;||fa||900&#8243; open_icon_color=&#8221;gcid-65d17b9b-2bb5-4686-af8a-74b562ba925b&#8221; open_toggle_icon=&#8221;&#xf068;||fa||900&#8243; _builder_version=&#8221;4.27.4&#8243; _module_preset=&#8221;default&#8221; title_text_color=&#8221;#000000&#8243; title_font_size=&#8221;18px&#8221; title_line_height=&#8221;1.5em&#8221; body_text_color=&#8221;#333333&#8243; custom_margin=&#8221;||2px|||&#8221; body_font_size_tablet=&#8221;&#8221; body_font_size_phone=&#8221;16px&#8221; body_font_size_last_edited=&#8221;on|phone&#8221; border_width_all=&#8221;0px&#8221; global_colors_info=&#8221;{%22gcid-65d17b9b-2bb5-4686-af8a-74b562ba925b%22:%91%22icon_color%22,%22open_icon_color%22,%22icon_color%22,%22open_icon_color%22,%22icon_color%22,%22open_icon_color%22%93}&#8221;]<\/p>\n<ul data-start=\"3591\" data-end=\"3873\">\n<li data-start=\"3591\" data-end=\"3680\">\n<p data-start=\"3593\" data-end=\"3680\">Layered clothing: mornings are cool, midday can be warm, and evenings are chilly.<\/p>\n<\/li>\n<li data-start=\"3681\" data-end=\"3758\">\n<p data-start=\"3683\" data-end=\"3758\">Comfortable walking shoes: Quito\u2019s streets are cobbled in some parts.<\/p>\n<\/li>\n<li data-start=\"3759\" data-end=\"3796\">\n<p data-start=\"3761\" data-end=\"3796\">Light rain jacket or umbrella<\/p>\n<\/li>\n<li data-start=\"3797\" data-end=\"3873\">\n<p data-start=\"3799\" data-end=\"3873\">Sunscreen and sunglasses \u2013 the UV index is high due to the altitude.<\/p>\n<\/li>\n<\/ul>\n<p>[\/et_pb_toggle][\/et_pb_column][\/et_pb_row][et_pb_row _builder_version=&#8221;4.27.4&#8243; _module_preset=&#8221;default&#8221; width=&#8221;95%&#8221; global_colors_info=&#8221;{}&#8221;][et_pb_column type=&#8221;4_4&#8243; _builder_version=&#8221;4.27.0&#8243; _module_preset=&#8221;default&#8221; global_colors_info=&#8221;{}&#8221;][et_pb_heading title=&#8221;Culture &#038; Local Tips&#8221; _builder_version=&#8221;4.27.4&#8243; _module_preset=&#8221;default&#8221; title_level=&#8221;h3&#8243; title_text_color=&#8221;#000000&#8243; title_font_size=&#8221;31px&#8221; title_line_height=&#8221;1.5em&#8221; custom_margin=&#8221;||15px|||&#8221; title_font_size_tablet=&#8221;31px&#8221; title_font_size_phone=&#8221;24px&#8221; title_font_size_last_edited=&#8221;on|phone&#8221; global_colors_info=&#8221;{}&#8221;][\/et_pb_heading][et_pb_toggle title=&#8221;Q: What local foods should I try in Quito?&#8221; open_toggle_text_color=&#8221;#000000&#8243; open_toggle_background_color=&#8221;#FFFFFF&#8221; closed_toggle_background_color=&#8221;#FFFFFF&#8221; icon_color=&#8221;gcid-65d17b9b-2bb5-4686-af8a-74b562ba925b&#8221; toggle_icon=&#8221;&#xf067;||fa||900&#8243; open_icon_color=&#8221;gcid-65d17b9b-2bb5-4686-af8a-74b562ba925b&#8221; open_toggle_icon=&#8221;&#xf068;||fa||900&#8243; _builder_version=&#8221;4.27.4&#8243; _module_preset=&#8221;default&#8221; title_text_color=&#8221;#000000&#8243; title_font_size=&#8221;18px&#8221; title_line_height=&#8221;1.5em&#8221; body_text_color=&#8221;#333333&#8243; custom_margin=&#8221;||2px|||&#8221; body_font_size_tablet=&#8221;&#8221; body_font_size_phone=&#8221;16px&#8221; body_font_size_last_edited=&#8221;on|phone&#8221; border_width_all=&#8221;0px&#8221; global_colors_info=&#8221;{%22gcid-65d17b9b-2bb5-4686-af8a-74b562ba925b%22:%91%22icon_color%22,%22open_icon_color%22,%22icon_color%22,%22open_icon_color%22%93}&#8221;]<\/p>\n<p>You can try that delicious foods in Quito.<\/p>\n<ul>\n<li data-start=\"3962\" data-end=\"4017\">\n<p data-start=\"3964\" data-end=\"4017\"><strong data-start=\"3964\" data-end=\"3981\">Locro de papa<\/strong> \u2013 cheesy potato soup with avocado<\/p>\n<\/li>\n<li data-start=\"4018\" data-end=\"4079\">\n<p data-start=\"4020\" data-end=\"4079\"><strong data-start=\"4020\" data-end=\"4031\">Fritada<\/strong> \u2013 fried pork with corn, plantains, and hominy<\/p>\n<\/li>\n<li data-start=\"4080\" data-end=\"4143\">\n<p data-start=\"4082\" data-end=\"4143\"><strong data-start=\"4082\" data-end=\"4105\">Empanadas de viento<\/strong> \u2013 cheesy fried empanadas with sugar<\/p>\n<\/li>\n<li data-start=\"4144\" data-end=\"4208\">\n<p data-start=\"4146\" data-end=\"4208\"><strong data-start=\"4146\" data-end=\"4158\">Canelazo<\/strong> \u2013 warm drink made with cinnamon and aguardiente<\/p>\n<\/li>\n<li data-start=\"4209\" data-end=\"4286\">\n<p data-start=\"4211\" data-end=\"4286\"><strong data-start=\"4211\" data-end=\"4222\">Morocho<\/strong>, <strong data-start=\"4224\" data-end=\"4235\">humitas<\/strong>, and <strong data-start=\"4241\" data-end=\"4256\">quimbolitos<\/strong> \u2013 traditional Andean snacks<\/p>\n<\/li>\n<\/ul>\n<p>[\/et_pb_toggle][et_pb_toggle title=&#8221;Q: Are there street food options? Is it safe to eat them?&#8221; open_toggle_text_color=&#8221;#000000&#8243; open_toggle_background_color=&#8221;#FFFFFF&#8221; closed_toggle_background_color=&#8221;#FFFFFF&#8221; icon_color=&#8221;gcid-65d17b9b-2bb5-4686-af8a-74b562ba925b&#8221; toggle_icon=&#8221;&#xf067;||fa||900&#8243; open_icon_color=&#8221;gcid-65d17b9b-2bb5-4686-af8a-74b562ba925b&#8221; open_toggle_icon=&#8221;&#xf068;||fa||900&#8243; _builder_version=&#8221;4.27.4&#8243; _module_preset=&#8221;default&#8221; title_text_color=&#8221;#000000&#8243; title_font_size=&#8221;18px&#8221; title_line_height=&#8221;1.5em&#8221; body_text_color=&#8221;#333333&#8243; custom_margin=&#8221;||2px|||&#8221; body_font_size_tablet=&#8221;&#8221; body_font_size_phone=&#8221;16px&#8221; body_font_size_last_edited=&#8221;on|phone&#8221; border_width_all=&#8221;0px&#8221; global_colors_info=&#8221;{%22gcid-65d17b9b-2bb5-4686-af8a-74b562ba925b%22:%91%22icon_color%22,%22open_icon_color%22,%22icon_color%22,%22open_icon_color%22%93}&#8221;]<\/p>\n<p>Yes, Quito has many food stalls and markets (like Mercado Central or La Floresta). Stick to busy spots with high turnover for better hygiene.<\/p>\n<p>[\/et_pb_toggle][et_pb_toggle title=&#8221;Q: Where can I try Ecuadorian coffee or chocolate?&#8221; open_toggle_text_color=&#8221;#000000&#8243; open_toggle_background_color=&#8221;#FFFFFF&#8221; closed_toggle_background_color=&#8221;#FFFFFF&#8221; icon_color=&#8221;gcid-65d17b9b-2bb5-4686-af8a-74b562ba925b&#8221; toggle_icon=&#8221;&#xf067;||fa||900&#8243; open_icon_color=&#8221;gcid-65d17b9b-2bb5-4686-af8a-74b562ba925b&#8221; open_toggle_icon=&#8221;&#xf068;||fa||900&#8243; _builder_version=&#8221;4.27.4&#8243; _module_preset=&#8221;default&#8221; title_text_color=&#8221;#000000&#8243; title_font_size=&#8221;18px&#8221; title_line_height=&#8221;1.5em&#8221; body_text_color=&#8221;#333333&#8243; custom_margin=&#8221;||2px|||&#8221; body_font_size_tablet=&#8221;&#8221; body_font_size_phone=&#8221;16px&#8221; body_font_size_last_edited=&#8221;on|phone&#8221; border_width_all=&#8221;0px&#8221; global_colors_info=&#8221;{%22gcid-65d17b9b-2bb5-4686-af8a-74b562ba925b%22:%91%22icon_color%22,%22open_icon_color%22,%22icon_color%22,%22open_icon_color%22%93}&#8221;]<\/p>\n<p>Caf\u00e9s in La Floresta, La Mariscal, and the Historic Center often serve locally grown coffee and artisanal chocolate from the Amazon and Andes.<\/p>\n<p>[\/et_pb_toggle][et_pb_toggle title=&#8221;Q: Can I use US dollars in Quito?&#8221; open_toggle_text_color=&#8221;#000000&#8243; open_toggle_background_color=&#8221;#FFFFFF&#8221; closed_toggle_background_color=&#8221;#FFFFFF&#8221; icon_color=&#8221;gcid-65d17b9b-2bb5-4686-af8a-74b562ba925b&#8221; toggle_icon=&#8221;&#xf067;||fa||900&#8243; open_icon_color=&#8221;gcid-65d17b9b-2bb5-4686-af8a-74b562ba925b&#8221; open_toggle_icon=&#8221;&#xf068;||fa||900&#8243; _builder_version=&#8221;4.27.4&#8243; _module_preset=&#8221;default&#8221; title_text_color=&#8221;#000000&#8243; title_font_size=&#8221;18px&#8221; title_line_height=&#8221;1.5em&#8221; body_text_color=&#8221;#333333&#8243; custom_margin=&#8221;||2px|||&#8221; body_font_size_tablet=&#8221;&#8221; body_font_size_phone=&#8221;16px&#8221; body_font_size_last_edited=&#8221;on|phone&#8221; border_width_all=&#8221;0px&#8221; global_colors_info=&#8221;{%22gcid-65d17b9b-2bb5-4686-af8a-74b562ba925b%22:%91%22icon_color%22,%22open_icon_color%22,%22icon_color%22,%22open_icon_color%22%93}&#8221;]<\/p>\n<p data-start=\"591\" data-end=\"892\">Yes. Ecuador has used the US dollar as its official currency since 2000. Coins are a mix of Ecuadorian and US currency. Small change is useful for buses, markets, and snacks.<\/p>\n<p>[\/et_pb_toggle][et_pb_toggle title=&#8221;Q: Do I need Spanish to get around?&#8221; open_toggle_text_color=&#8221;#000000&#8243; open_toggle_background_color=&#8221;#FFFFFF&#8221; closed_toggle_background_color=&#8221;#FFFFFF&#8221; icon_color=&#8221;gcid-65d17b9b-2bb5-4686-af8a-74b562ba925b&#8221; toggle_icon=&#8221;&#xf067;||fa||900&#8243; open_icon_color=&#8221;gcid-65d17b9b-2bb5-4686-af8a-74b562ba925b&#8221; open_toggle_icon=&#8221;&#xf068;||fa||900&#8243; _builder_version=&#8221;4.27.4&#8243; _module_preset=&#8221;default&#8221; title_text_color=&#8221;#000000&#8243; title_font_size=&#8221;18px&#8221; title_line_height=&#8221;1.5em&#8221; body_text_color=&#8221;#333333&#8243; custom_margin=&#8221;||2px|||&#8221; body_font_size_tablet=&#8221;&#8221; body_font_size_phone=&#8221;16px&#8221; body_font_size_last_edited=&#8221;on|phone&#8221; border_width_all=&#8221;0px&#8221; global_colors_info=&#8221;{%22gcid-65d17b9b-2bb5-4686-af8a-74b562ba925b%22:%91%22icon_color%22,%22open_icon_color%22,%22icon_color%22,%22open_icon_color%22%93}&#8221;]<\/p>\n<p data-start=\"894\" data-end=\"1136\">Basic Spanish is helpful, especially in markets, taxis, and with locals. In hotels, restaurants, and tours, you\u2019ll usually find someone who speaks English, but learning a few phrases is appreciated and can make your experience smoother.<\/p>\n<p>[\/et_pb_toggle][et_pb_toggle title=&#8221;Q: Is Quito worth visiting?&#8221; open_toggle_text_color=&#8221;#000000&#8243; open_toggle_background_color=&#8221;#FFFFFF&#8221; closed_toggle_background_color=&#8221;#FFFFFF&#8221; icon_color=&#8221;gcid-65d17b9b-2bb5-4686-af8a-74b562ba925b&#8221; toggle_icon=&#8221;&#xf067;||fa||900&#8243; open_icon_color=&#8221;gcid-65d17b9b-2bb5-4686-af8a-74b562ba925b&#8221; open_toggle_icon=&#8221;&#xf068;||fa||900&#8243; _builder_version=&#8221;4.27.4&#8243; _module_preset=&#8221;default&#8221; title_text_color=&#8221;#000000&#8243; title_font_size=&#8221;18px&#8221; title_line_height=&#8221;1.5em&#8221; body_text_color=&#8221;#333333&#8243; custom_margin=&#8221;||2px|||&#8221; body_font_size_tablet=&#8221;&#8221; body_font_size_phone=&#8221;16px&#8221; body_font_size_last_edited=&#8221;on|phone&#8221; border_width_all=&#8221;0px&#8221; global_colors_info=&#8221;{%22gcid-65d17b9b-2bb5-4686-af8a-74b562ba925b%22:%91%22icon_color%22,%22open_icon_color%22,%22icon_color%22,%22open_icon_color%22%93}&#8221;]<\/p>\n<p data-start=\"1138\" data-end=\"1374\">Absolutely. Quito combines colonial beauty, mountain scenery, and rich culture in a way few cities can. From world-class architecture to buzzing local markets, breathtaking views, and access to nearby volcanoes, Quito is a place that surprises and inspires most travelers.<\/p>\n<p>[\/et_pb_toggle][et_pb_toggle title=&#8221;Q: What cultural events happen in Quito?&#8221; open_toggle_text_color=&#8221;#000000&#8243; open_toggle_background_color=&#8221;#FFFFFF&#8221; closed_toggle_background_color=&#8221;#FFFFFF&#8221; icon_color=&#8221;gcid-65d17b9b-2bb5-4686-af8a-74b562ba925b&#8221; toggle_icon=&#8221;&#xf067;||fa||900&#8243; open_icon_color=&#8221;gcid-65d17b9b-2bb5-4686-af8a-74b562ba925b&#8221; open_toggle_icon=&#8221;&#xf068;||fa||900&#8243; _builder_version=&#8221;4.27.4&#8243; _module_preset=&#8221;default&#8221; title_text_color=&#8221;#000000&#8243; title_font_size=&#8221;18px&#8221; title_line_height=&#8221;1.5em&#8221; body_text_color=&#8221;#333333&#8243; custom_margin=&#8221;||2px|||&#8221; body_font_size_tablet=&#8221;&#8221; body_font_size_phone=&#8221;16px&#8221; body_font_size_last_edited=&#8221;on|phone&#8221; border_width_all=&#8221;0px&#8221; global_colors_info=&#8221;{%22gcid-65d17b9b-2bb5-4686-af8a-74b562ba925b%22:%91%22icon_color%22,%22open_icon_color%22,%22icon_color%22,%22open_icon_color%22%93}&#8221;]<\/p>\n<p data-start=\"1138\" data-end=\"1374\">Festivities include <strong data-start=\"2521\" data-end=\"2541\">Fiestas de Quito<\/strong> (early December), art festivals, concerts, and weekend markets with live music and traditional dance.<\/p>\n<p>[\/et_pb_toggle][\/et_pb_column][\/et_pb_row][\/et_pb_section][et_pb_section fb_built=&#8221;1&#8243; fullwidth=&#8221;on&#8221; _builder_version=&#8221;4.27.4&#8243; _module_preset=&#8221;default&#8221; da_disable_devices=&#8221;off|off|off&#8221; global_colors_info=&#8221;{}&#8221; da_is_popup=&#8221;off&#8221; da_exit_intent=&#8221;off&#8221; da_has_close=&#8221;on&#8221; da_alt_close=&#8221;off&#8221; da_dark_close=&#8221;off&#8221; da_not_modal=&#8221;on&#8221; da_is_singular=&#8221;off&#8221; da_with_loader=&#8221;off&#8221; da_has_shadow=&#8221;on&#8221;][et_pb_nextend_smart_slider_3_fullwidth slider=&#8221;105&#8243; _builder_version=&#8221;4.27.4&#8243; _module_preset=&#8221;default&#8221; global_colors_info=&#8221;{}&#8221;][\/et_pb_nextend_smart_slider_3_fullwidth][\/et_pb_section]<\/p>\n","protected":false},"excerpt":{"rendered":"<p>Quito is the capital of Ecuador, located in the Andes Mountains at 2,850 meters (9,350 feet) above sea level. It&#8217;s the second-highest capital city in the world and lies just south of the equator. The city is known for its UNESCO-listed Historic Center, vibrant cultural life, and stunning mountain surroundings, including views of the Pichincha [&hellip;]<\/p>\n","protected":false},"author":1,"featured_media":234253,"parent":234360,"menu_order":0,"comment_status":"closed","ping_status":"closed","template":"","meta":{"_et_pb_use_builder":"on","_et_pb_old_content":"","_et_gb_content_width":"","footnotes":""},"class_list":["post-235332","page","type-page","status-publish","has-post-thumbnail","hentry"],"yoast_head":"<!-- This site is optimized with the Yoast SEO plugin v27.5 - https:\/\/yoast.com\/product\/yoast-seo-wordpress\/ -->\n<title>Day Tours in Ecuador FAQs | Day Tours Ecuador | El Day Tour<\/title>\n<meta name=\"description\" content=\"Get answers to travel questions about day tours in Ecuador, how to book, what to pack, physical levels, and more. Book today, go tomorrow!\" \/>\n<meta name=\"robots\" content=\"index, follow, max-snippet:-1, max-image-preview:large, max-video-preview:-1\" \/>\n<link rel=\"canonical\" href=\"https:\/\/daytoursecuador.com\/es\/faqs\/quito\/\" \/>\n<meta property=\"og:locale\" content=\"es_ES\" \/>\n<meta property=\"og:type\" content=\"article\" \/>\n<meta property=\"og:title\" content=\"Day Tours in Ecuador FAQs | Day Tours Ecuador | El Day Tour\" \/>\n<meta property=\"og:description\" content=\"Get answers to travel questions about day tours in Ecuador, how to book, what to pack, physical levels, and more. Book today, go tomorrow!\" \/>\n<meta property=\"og:url\" content=\"https:\/\/daytoursecuador.com\/es\/faqs\/quito\/\" \/>\n<meta property=\"og:site_name\" content=\"El Day Tour\" \/>\n<meta property=\"article:modified_time\" content=\"2025-08-29T07:23:39+00:00\" \/>\n<meta property=\"og:image\" content=\"https:\/\/daytoursecuador.com\/wp-content\/uploads\/2025\/05\/ecuador-walking-tour.jpg\" \/>\n\t<meta property=\"og:image:width\" content=\"1280\" \/>\n\t<meta property=\"og:image:height\" content=\"1022\" \/>\n\t<meta property=\"og:image:type\" content=\"image\/jpeg\" \/>\n<meta name=\"twitter:card\" content=\"summary_large_image\" \/>\n<meta name=\"twitter:label1\" content=\"Tiempo de lectura\" \/>\n\t<meta name=\"twitter:data1\" content=\"5 minutos\" \/>\n<script type=\"application\/ld+json\" class=\"yoast-schema-graph\">{\"@context\":\"https:\\\/\\\/schema.org\",\"@graph\":[{\"@type\":\"WebPage\",\"@id\":\"https:\\\/\\\/daytoursecuador.com\\\/faqs\\\/quito\\\/\",\"url\":\"https:\\\/\\\/daytoursecuador.com\\\/faqs\\\/quito\\\/\",\"name\":\"Day Tours in Ecuador FAQs | Day Tours Ecuador | El Day Tour\",\"isPartOf\":{\"@id\":\"https:\\\/\\\/daytoursecuador.com\\\/#website\"},\"primaryImageOfPage\":{\"@id\":\"https:\\\/\\\/daytoursecuador.com\\\/faqs\\\/quito\\\/#primaryimage\"},\"image\":{\"@id\":\"https:\\\/\\\/daytoursecuador.com\\\/faqs\\\/quito\\\/#primaryimage\"},\"thumbnailUrl\":\"https:\\\/\\\/daytoursecuador.com\\\/wp-content\\\/uploads\\\/2025\\\/05\\\/ecuador-walking-tour.jpg\",\"datePublished\":\"2025-08-08T17:31:07+00:00\",\"dateModified\":\"2025-08-29T07:23:39+00:00\",\"description\":\"Get answers to travel questions about day tours in Ecuador, how to book, what to pack, physical levels, and more. Book today, go tomorrow!\",\"breadcrumb\":{\"@id\":\"https:\\\/\\\/daytoursecuador.com\\\/faqs\\\/quito\\\/#breadcrumb\"},\"inLanguage\":\"es\",\"potentialAction\":[{\"@type\":\"ReadAction\",\"target\":[\"https:\\\/\\\/daytoursecuador.com\\\/faqs\\\/quito\\\/\"]}]},{\"@type\":\"ImageObject\",\"inLanguage\":\"es\",\"@id\":\"https:\\\/\\\/daytoursecuador.com\\\/faqs\\\/quito\\\/#primaryimage\",\"url\":\"https:\\\/\\\/daytoursecuador.com\\\/wp-content\\\/uploads\\\/2025\\\/05\\\/ecuador-walking-tour.jpg\",\"contentUrl\":\"https:\\\/\\\/daytoursecuador.com\\\/wp-content\\\/uploads\\\/2025\\\/05\\\/ecuador-walking-tour.jpg\",\"width\":1280,\"height\":1022,\"caption\":\"ecuador-walking-tour-quito\"},{\"@type\":\"BreadcrumbList\",\"@id\":\"https:\\\/\\\/daytoursecuador.com\\\/faqs\\\/quito\\\/#breadcrumb\",\"itemListElement\":[{\"@type\":\"ListItem\",\"position\":1,\"name\":\"Home\",\"item\":\"https:\\\/\\\/daytoursecuador.com\\\/\"},{\"@type\":\"ListItem\",\"position\":2,\"name\":\"FAQs\",\"item\":\"https:\\\/\\\/daytoursecuador.com\\\/faqs\\\/\"},{\"@type\":\"ListItem\",\"position\":3,\"name\":\"FAQs Quito\"}]},{\"@type\":\"WebSite\",\"@id\":\"https:\\\/\\\/daytoursecuador.com\\\/#website\",\"url\":\"https:\\\/\\\/daytoursecuador.com\\\/\",\"name\":\"El Day Tour\",\"description\":\"Ecuadorian Tour Operator\",\"potentialAction\":[{\"@type\":\"SearchAction\",\"target\":{\"@type\":\"EntryPoint\",\"urlTemplate\":\"https:\\\/\\\/daytoursecuador.com\\\/?s={search_term_string}\"},\"query-input\":{\"@type\":\"PropertyValueSpecification\",\"valueRequired\":true,\"valueName\":\"search_term_string\"}}],\"inLanguage\":\"es\"}]}<\/script>\n<!-- \/ Yoast SEO plugin. -->","yoast_head_json":{"title":"Preguntas Frecuentes sobre Tours de un D\u00eda en Ecuador | Tours de un D\u00eda en Ecuador | El Day Tour","description":"Encuentre respuestas a sus preguntas sobre tours de un d\u00eda en Ecuador, c\u00f3mo reservar, qu\u00e9 llevar, niveles de dificultad f\u00edsica y m\u00e1s. \u00a1Reserve hoy y viaje ma\u00f1ana!","robots":{"index":"index","follow":"follow","max-snippet":"max-snippet:-1","max-image-preview":"max-image-preview:large","max-video-preview":"max-video-preview:-1"},"canonical":"https:\/\/daytoursecuador.com\/es\/faqs\/quito\/","og_locale":"es_ES","og_type":"article","og_title":"Day Tours in Ecuador FAQs | Day Tours Ecuador | El Day Tour","og_description":"Get answers to travel questions about day tours in Ecuador, how to book, what to pack, physical levels, and more. Book today, go tomorrow!","og_url":"https:\/\/daytoursecuador.com\/es\/faqs\/quito\/","og_site_name":"El Day Tour","article_modified_time":"2025-08-29T07:23:39+00:00","og_image":[{"width":1280,"height":1022,"url":"https:\/\/daytoursecuador.com\/wp-content\/uploads\/2025\/05\/ecuador-walking-tour.jpg","type":"image\/jpeg"}],"twitter_card":"summary_large_image","twitter_misc":{"Tiempo de lectura":"5 minutos"},"schema":{"@context":"https:\/\/schema.org","@graph":[{"@type":"WebPage","@id":"https:\/\/daytoursecuador.com\/faqs\/quito\/","url":"https:\/\/daytoursecuador.com\/faqs\/quito\/","name":"Preguntas Frecuentes sobre Tours de un D\u00eda en Ecuador | Tours de un D\u00eda en Ecuador | El Day Tour","isPartOf":{"@id":"https:\/\/daytoursecuador.com\/#website"},"primaryImageOfPage":{"@id":"https:\/\/daytoursecuador.com\/faqs\/quito\/#primaryimage"},"image":{"@id":"https:\/\/daytoursecuador.com\/faqs\/quito\/#primaryimage"},"thumbnailUrl":"https:\/\/daytoursecuador.com\/wp-content\/uploads\/2025\/05\/ecuador-walking-tour.jpg","datePublished":"2025-08-08T17:31:07+00:00","dateModified":"2025-08-29T07:23:39+00:00","description":"Encuentre respuestas a sus preguntas sobre tours de un d\u00eda en Ecuador, c\u00f3mo reservar, qu\u00e9 llevar, niveles de dificultad f\u00edsica y m\u00e1s. \u00a1Reserve hoy y viaje ma\u00f1ana!","breadcrumb":{"@id":"https:\/\/daytoursecuador.com\/faqs\/quito\/#breadcrumb"},"inLanguage":"es","potentialAction":[{"@type":"ReadAction","target":["https:\/\/daytoursecuador.com\/faqs\/quito\/"]}]},{"@type":"ImageObject","inLanguage":"es","@id":"https:\/\/daytoursecuador.com\/faqs\/quito\/#primaryimage","url":"https:\/\/daytoursecuador.com\/wp-content\/uploads\/2025\/05\/ecuador-walking-tour.jpg","contentUrl":"https:\/\/daytoursecuador.com\/wp-content\/uploads\/2025\/05\/ecuador-walking-tour.jpg","width":1280,"height":1022,"caption":"ecuador-walking-tour-quito"},{"@type":"BreadcrumbList","@id":"https:\/\/daytoursecuador.com\/faqs\/quito\/#breadcrumb","itemListElement":[{"@type":"ListItem","position":1,"name":"Home","item":"https:\/\/daytoursecuador.com\/"},{"@type":"ListItem","position":2,"name":"FAQs","item":"https:\/\/daytoursecuador.com\/faqs\/"},{"@type":"ListItem","position":3,"name":"FAQs Quito"}]},{"@type":"WebSite","@id":"https:\/\/daytoursecuador.com\/#website","url":"https:\/\/daytoursecuador.com\/","name":"El Day Tour","description":"Ecuadorian Tour Operator","potentialAction":[{"@type":"SearchAction","target":{"@type":"EntryPoint","urlTemplate":"https:\/\/daytoursecuador.com\/?s={search_term_string}"},"query-input":{"@type":"PropertyValueSpecification","valueRequired":true,"valueName":"search_term_string"}}],"inLanguage":"es"}]}},"_links":{"self":[{"href":"https:\/\/daytoursecuador.com\/es\/wp-json\/wp\/v2\/pages\/235332","targetHints":{"allow":["GET"]}}],"collection":[{"href":"https:\/\/daytoursecuador.com\/es\/wp-json\/wp\/v2\/pages"}],"about":[{"href":"https:\/\/daytoursecuador.com\/es\/wp-json\/wp\/v2\/types\/page"}],"author":[{"embeddable":true,"href":"https:\/\/daytoursecuador.com\/es\/wp-json\/wp\/v2\/users\/1"}],"replies":[{"embeddable":true,"href":"https:\/\/daytoursecuador.com\/es\/wp-json\/wp\/v2\/comments?post=235332"}],"version-history":[{"count":10,"href":"https:\/\/daytoursecuador.com\/es\/wp-json\/wp\/v2\/pages\/235332\/revisions"}],"predecessor-version":[{"id":235489,"href":"https:\/\/daytoursecuador.com\/es\/wp-json\/wp\/v2\/pages\/235332\/revisions\/235489"}],"up":[{"embeddable":true,"href":"https:\/\/daytoursecuador.com\/es\/wp-json\/wp\/v2\/pages\/234360"}],"wp:featuredmedia":[{"embeddable":true,"href":"https:\/\/daytoursecuador.com\/es\/wp-json\/wp\/v2\/media\/234253"}],"wp:attachment":[{"href":"https:\/\/daytoursecuador.com\/es\/wp-json\/wp\/v2\/media?parent=235332"}],"curies":[{"name":"wp","href":"https:\/\/api.w.org\/{rel}","templated":true}]}}